{"id":21,"date":"2014-09-26T17:23:32","date_gmt":"2014-09-26T17:23:32","guid":{"rendered":"http:\/\/192.168.1.104\/enfold-photography\/?page_id=21"},"modified":"2021-02-23T17:22:03","modified_gmt":"2021-02-23T16:22:03","slug":"o-nama","status":"publish","type":"page","link":"https:\/\/sibenik-boats.com\/de\/o-nama\/","title":{"rendered":"\u00dcber Uns"},"content":{"rendered":"<p>Wer sind wir?<\/h3><div class='special-heading-border'><div class='special-heading-inner-border' ><\/div><\/div><\/div><br \/>\n<section class=\"av_textblock_section\"  itemscope=\"itemscope\" itemtype=\"https:\/\/schema.org\/CreativeWork\" ><div class='avia_textblock '   itemprop=\"text\" ><p><br \/>\nUnsere Familie ist schon seit Jahren in der Tourismusbranche t\u00e4tig. In unseren Ferienwohnungen und Boot Charter SIBENIK BOATS Raslina haben wir viele Familien und Einzelpersonen aus der ganzen Welt empfangen. Wir haben es uns zur Aufgabe gemacht, dass Sie sich angenehm und entspannt f\u00fchlen, und Ihre einzige Aufgabe ist es, unsere Gastfreundschaft zu genie\u00dfen!<br \/>\n<\/p>\n<\/div><\/section><\/p>\n<\/div><\/div><div class=\"flex_cell no_margin av_one_third   \" style='vertical-align:top; padding:30px; background-color:#f7f7f7; '><div class='flex_cell_inner' ><p><div style='padding-bottom:10px;' class='av-special-heading av-special-heading-h3   '><h3 class='av-special-heading-tag'  itemprop=\"headline\"  >Warum SIBENIK BOATS?<\/h3><div class='special-heading-border'><div class='special-heading-inner-border' ><\/div><\/div><\/div><br \/>\n<section class=\"av_textblock_section\"  itemscope=\"itemscope\" itemtype=\"https:\/\/schema.org\/CreativeWork\" ><div class='avia_textblock '   itemprop=\"text\" ><p><br \/>\nDie langj\u00e4hrige Erfahrung, gut ausgestattete Ferienwohnungen und Boote, die N\u00e4he historischer und touristischer Attraktionen sowie \u00e4u\u00dferst positive Erfahrungen unserer G\u00e4ste garantieren, dass Ferienwohnungen und Boote SIBENIK BOATS Ihre beste Wahl f\u00fcr einen Urlaub in Mitteldalmatien ist.<br \/>\n<\/p>\n<\/div><\/section><\/p>\n<\/div><\/div><div class=\"flex_cell no_margin av_one_third   \" style='vertical-align:top; padding:30px; background-color:#eaeaea; '><div class='flex_cell_inner' ><p><div style='padding-bottom:10px;' class='av-special-heading av-special-heading-h3    '><h3 class='av-special-heading-tag'  itemprop=\"headline\"  >Wo sind wir?<\/h3><div class='special-heading-border'><div class='special-heading-inner-border' ><\/div><\/div><\/div><br \/>\n<section class=\"av_textblock_section\"  itemscope=\"itemscope\" itemtype=\"https:\/\/schema.org\/CreativeWork\" ><div class='avia_textblock '   itemprop=\"text\" ><p><br \/>\nWir befinden uns in Raslina, einem Dorf mit 600 Einwohnern. Ideal f\u00fcr einen ruhigen Urlaub, bietet Raslina eine gute Verkehrsanbindung an die umliegenden Sehensw\u00fcrdigkeiten in Sibenik und Vodice, sowie an den Nationalpark Krka und den Nationalpark Kornati.<br \/>\n<\/p>\n<\/div><\/section><\/p>\n<\/div><\/div><\/div><\/div><\/div><\/div><!-- close content main div --><\/div><\/div><div id='av_section_1' class='avia-section main_color avia-section-default avia-no-border-styling avia-bg-style-scroll  container_wrap fullsize' style = 'background-color: #770000; background-color: #770000; '  ><div class='container' ><div class='template-page content  av-content-full alpha units'><div class='post-entry post-entry-type-page post-entry-21'><div class='entry-content-wrapper clearfix'>\n<div class=\"flex_column av_one_fourth  flex_column_div first  \" ><div  class=\"avia-animated-number av-force-default-color avia-color-font-light  avia_animate_when_visible\" ><strong class=\"heading avia-animated-number-title\" ><span class=\"avia-single-number\" data-number=\"2\">2<\/span><\/strong><div class='avia-animated-number-content' ><p>Apartments<\/p>\n<\/div><\/div><\/div><div class=\"flex_column av_one_fourth  flex_column_div av-zero-column-padding   \" style='border-radius:0px; '><div  class=\"avia-animated-number av-force-default-color avia-color-font-light  avia_animate_when_visible\" ><strong class=\"heading avia-animated-number-title\" ><span class=\"avia-single-number\" data-number=\"3\">3<\/span><\/strong><div class='avia-animated-number-content' ><p>Boots<\/p>\n<\/div><\/div><\/div><div class=\"flex_column av_one_fourth  flex_column_div av-zero-column-padding   \" style='border-radius:0px; '><div  class=\"avia-animated-number av-force-default-color avia-color-font-light  avia_animate_when_visible\" ><strong class=\"heading avia-animated-number-title\" ><span class=\"avia-single-number\" data-number=\"150\">150<\/span><span class=\"avia-no-number\">+<\/span><\/strong><div class='avia-animated-number-content' ><p>Sehensw\u00fcrdigkeiten in der N\u00e4he<\/p>\n<\/div><\/div><\/div><div class=\"flex_column av_one_fourth  flex_column_div av-zero-column-padding   \" style='border-radius:0px; '><div  class=\"avia-animated-number av-force-default-color avia-color-font-light  avia_animate_when_visible\" ><strong class=\"heading avia-animated-number-title\" ><span class=\"avia-single-number\" data-number=\"300\">300<\/span><span class=\"avia-no-number\">+<\/span><\/strong><div class='avia-animated-number-content' ><p>zufriedener G\u00e4ste<\/p>\n<\/div><\/div><\/div>\n<\/p>\n<\/div><\/div><\/div><!-- close content main div --><\/div><div class='av-extra-border-element border-extra-arrow-down'><div class='av-extra-border-outer'><div class='av-extra-border-inner'  style='background-color:#770000;' ><\/div><\/div><\/div><\/div><div id='av-layout-grid-2' class='av-layout-grid-container entry-content-wrapper main_color av-flex-cells  container_wrap fullsize'   >\n<div class=\"flex_cell no_margin av_one_half   avia-full-stretch \" style='height:400px; min-height:400px;background-image:url(https:\/\/sibenik-boats.com\/wp-content\/uploads\/2019\/07\/image00001-1.jpeg); background-position:center center; background-repeat:no-repeat; background-attachment:scroll; vertical-align:top; padding:30px; '><div class='flex_cell_inner' ><\/div><\/div><div class=\"flex_cell no_margin av_one_half   avia-full-stretch \" style='height:400px; min-height:400px;background-image:url(https:\/\/sibenik-boats.com\/wp-content\/uploads\/2019\/07\/image00002.jpeg); background-position:center center; background-repeat:no-repeat; background-attachment:scroll; vertical-align:top; padding:30px; '><div class='flex_cell_inner' ><\/div><\/div>\n<\/div>\n<\/div><\/div><\/div><!-- close content main div --><\/div><div class='av-extra-border-element border-extra-arrow-down'><div class='av-extra-border-outer'><div class='av-extra-border-inner'  style='background-color:#770000;' ><\/div><\/div><\/div><\/div><div id='av-layout-grid-3' class='av-layout-grid-container entry-content-wrapper main_color av-flex-cells  container_wrap fullsize'   >\n<div class=\"flex_cell no_margin av_one_half   \" style='vertical-align:top; padding:40px; '><div class='flex_cell_inner' ><p><div style='padding-bottom:10px;' class='av-special-heading av-special-heading-h3    '><h3 class='av-special-heading-tag'  itemprop=\"headline\"  >Apartment Lavanda<\/h3><div class='special-heading-border'><div class='special-heading-inner-border' ><\/div><\/div><\/div><br \/>\n<section class=\"av_textblock_section\"  itemscope=\"itemscope\" itemtype=\"https:\/\/schema.org\/CreativeWork\" ><div class='avia_textblock '   itemprop=\"text\" ><p><br \/>\n&#8211; meerentfernung: 70 m<br \/>\n&#8211; parkplatz<br \/>\n&#8211; klimaanlage<br \/>\n&#8211; Wi-Fi<br \/>\n&#8211; au\u00dfengrill<br \/>\n<\/p>\n<\/div><\/section><\/p>\n<\/div><\/div><div class=\"flex_cell no_margin av_one_half   \" style='vertical-align:top; padding:40px; background-color:#f7f7f7; '><div class='flex_cell_inner' ><p><div style='padding-bottom:10px;' class='av-special-heading av-special-heading-h3   '><h3 class='av-special-heading-tag'  itemprop=\"headline\"  >Apartment SIBENIK BOATS<\/h3><div class='special-heading-border'><div class='special-heading-inner-border' ><\/div><\/div><\/div><br \/>\n<section class=\"av_textblock_section\"  itemscope=\"itemscope\" itemtype=\"https:\/\/schema.org\/CreativeWork\" ><div class='avia_textblock '   itemprop=\"text\" ><p><br \/>\n&#8211; meerentfernung: 70 m<br \/>\n&#8211; parkplatz<br \/>\n&#8211; klimaanlage<br \/>\n&#8211; Wi-Fi<br \/>\n&#8211; au\u00dfengrill<br \/>\n&#8211; au\u00dfendusche<br \/>\n<\/p>\n<\/div><\/section><\/p>\n<\/div><\/div><\/div>Wer sind wir?&#8216; color=&#8220; style=&#8220; custom_font=&#8217;#ffffff&#8216; size=&#8220; subheading_active=&#8220; subheading_size=&#8217;15&#8216; custom_class=&#8220;][\/av_heading]<\/p>\n<section class=\"av_textblock_section\"  itemscope=\"itemscope\" itemtype=\"https:\/\/schema.org\/CreativeWork\" ><div class='avia_textblock '   itemprop=\"text\" ><p>Unsere Familie ist schon seit Jahren in der Tourismusbranche t\u00e4tig. In unseren Ferienwohnungen und Boot Charter BRAVO d.o.o. Raslina haben wir viele Familien und Einzelpersonen aus der ganzen Welt empfangen. Wir haben es uns zur Aufgabe gemacht, dass Sie sich angenehm und entspannt f\u00fchlen, und Ihre einzige Aufgabe ist es, unsere Gastfreundschaft zu genie\u00dfen!<\/p>\n<\/div><\/section>\n<p>[\/av_cell_one_third]<div class=\"flex_cell no_margin av_one_third   \" style='vertical-align:top; padding:30px; background-color:#f7f7f7; '><div class='flex_cell_inner' ><p><div style='padding-bottom:10px;' class='av-special-heading av-special-heading-h3    '><h3 class='av-special-heading-tag'  itemprop=\"headline\"  >Warum Bravo?<\/h3><div class='special-heading-border'><div class='special-heading-inner-border' ><\/div><\/div><\/div><br \/>\n<section class=\"av_textblock_section\"  itemscope=\"itemscope\" itemtype=\"https:\/\/schema.org\/CreativeWork\" ><div class='avia_textblock '   itemprop=\"text\" ><p>Die langj\u00e4hrige Erfahrung, gut ausgestattete Ferienwohnungen und Boote, die N\u00e4he historischer und touristischer Attraktionen sowie \u00e4u\u00dferst positive Erfahrungen unserer G\u00e4ste garantieren, dass Ferienwohnungen und Boote BRAVO Ihre beste Wahl f\u00fcr einen Urlaub in Mitteldalmatien ist.<\/p>\n<\/div><\/section><\/p>\n<\/div><\/div><div class=\"flex_cell no_margin av_one_third   \" style='vertical-align:top; padding:30px; background-color:#eaeaea; '><div class='flex_cell_inner' ><p><div style='padding-bottom:10px;' class='av-special-heading av-special-heading-h3    '><h3 class='av-special-heading-tag'  itemprop=\"headline\"  >Wo sind wir?<\/h3><div class='special-heading-border'><div class='special-heading-inner-border' ><\/div><\/div><\/div><br \/>\n<section class=\"av_textblock_section\"  itemscope=\"itemscope\" itemtype=\"https:\/\/schema.org\/CreativeWork\" ><div class='avia_textblock '   itemprop=\"text\" ><p>Wir befinden uns in Raslina, einem Dorf mit 600 Einwohnern. Ideal f\u00fcr einen ruhigen Urlaub, bietet Raslina eine gute Verkehrsanbindung an die umliegenden Sehensw\u00fcrdigkeiten in Sibenik und Vodice, sowie an den Nationalpark Krka und den Nationalpark Kornati.<\/p>\n<\/div><\/section><\/p>\n<\/div><\/div><br \/>\n[\/av_layout_row]<\/p>\n<\/div><\/div><\/div><!-- close content main div --><\/div><div class='av-extra-border-element border-extra-arrow-down'><div class='av-extra-border-outer'><div class='av-extra-border-inner'  style='background-color:#770000;' ><\/div><\/div><\/div><\/div><div id='av_section_9' class='avia-section main_color avia-section-default avia-no-border-styling avia-bg-style-scroll  container_wrap fullsize' style = 'background-color: #770000; background-color: #770000; '  ><div class='container' ><div class='template-page content  av-content-full alpha units'><div class='post-entry post-entry-type-page post-entry-21'><div class='entry-content-wrapper clearfix'>\n<div class=\"flex_column av_one_fourth  flex_column_div first  \" ><div  class=\"avia-animated-number av-force-default-color avia-color-font-light  avia_animate_when_visible\" ><strong class=\"heading avia-animated-number-title\" ><span class=\"avia-single-number\" data-number=\"2\">2<\/span><\/strong><div class='avia-animated-number-content' ><p>Apartments<\/p>\n<\/div><\/div><\/div><div class=\"flex_column av_one_fourth  flex_column_div av-zero-column-padding   \" style='border-radius:0px; '><div  class=\"avia-animated-number av-force-default-color avia-color-font-light  avia_animate_when_visible\" ><strong class=\"heading avia-animated-number-title\" ><span class=\"avia-single-number\" data-number=\"3\">3<\/span><\/strong><div class='avia-animated-number-content' ><p>Boots<\/p>\n<\/div><\/div><\/div><div class=\"flex_column av_one_fourth  flex_column_div av-zero-column-padding   \" style='border-radius:0px; '><div  class=\"avia-animated-number av-force-default-color avia-color-font-light  avia_animate_when_visible\" ><strong class=\"heading avia-animated-number-title\" ><span class=\"avia-single-number\" data-number=\"150\">150<\/span><span class=\"avia-no-number\">+<\/span><\/strong><div class='avia-animated-number-content' ><p>Sehensw\u00fcrdigkeiten in der N\u00e4he<\/p>\n<\/div><\/div><\/div><div class=\"flex_column av_one_fourth  flex_column_div av-zero-column-padding   \" style='border-radius:0px; '><div  class=\"avia-animated-number av-force-default-color avia-color-font-light  avia_animate_when_visible\" ><strong class=\"heading avia-animated-number-title\" ><span class=\"avia-single-number\" data-number=\"300\">300<\/span><span class=\"avia-no-number\">+<\/span><\/strong><div class='avia-animated-number-content' ><p>zufriedener G\u00e4ste<\/p>\n<\/div><\/div><\/div>\n\n<\/div><\/div><\/div><!-- close content main div --><\/div><div class='av-extra-border-element border-extra-arrow-down'><div class='av-extra-border-outer'><div class='av-extra-border-inner'  style='background-color:#770000;' ><\/div><\/div><\/div><\/div><div id='av-layout-grid-19' class='av-layout-grid-container entry-content-wrapper main_color av-flex-cells  container_wrap fullsize'   >\n<div class=\"flex_cell no_margin av_one_half   avia-full-stretch \" style='height:400px; min-height:400px;background-image:url(https:\/\/sibenik-boats.com\/wp-content\/uploads\/2019\/07\/image00001-1.jpeg); background-position:center center; background-repeat:no-repeat; background-attachment:scroll; vertical-align:top; padding:30px; '><div class='flex_cell_inner' ><\/div><\/div><div class=\"flex_cell no_margin av_one_half   avia-full-stretch \" style='height:400px; min-height:400px;background-image:url(https:\/\/sibenik-boats.com\/wp-content\/uploads\/2019\/07\/image00002.jpeg); background-position:center center; background-repeat:no-repeat; background-attachment:scroll; vertical-align:top; padding:30px; '><div class='flex_cell_inner' ><\/div><\/div><\/div><\/div><\/div><\/div><!-- close content main div --><\/div><div class='av-extra-border-element border-extra-arrow-down'><div class='av-extra-border-outer'><div class='av-extra-border-inner'  style='background-color:#770000;' ><\/div><\/div><\/div><\/div><div id='av-layout-grid-20' class='av-layout-grid-container entry-content-wrapper main_color av-flex-cells  container_wrap fullsize'   >\n<div class=\"flex_cell no_margin av_one_half   \" style='vertical-align:top; padding:40px; '><div class='flex_cell_inner' ><p><div style='padding-bottom:10px;' class='av-special-heading av-special-heading-h3   '><h3 class='av-special-heading-tag'  itemprop=\"headline\"  >Apartment Lavanda<\/h3><div class='special-heading-border'><div class='special-heading-inner-border' ><\/div><\/div><\/div><br \/>\n<section class=\"av_textblock_section\"  itemscope=\"itemscope\" itemtype=\"https:\/\/schema.org\/CreativeWork\" ><div class='avia_textblock '   itemprop=\"text\" ><p>&#8211; meerentfernung: 70 m<br \/>\n&#8211; parkplatz<br \/>\n&#8211; klimaanlage<br \/>\n&#8211; Wi-Fi<br \/>\n&#8211; au\u00dfengrill<\/p>\n<\/div><\/section><\/p>\n<\/div><\/div><div class=\"flex_cell no_margin av_one_half   \" style='vertical-align:top; padding:40px; background-color:#f7f7f7; '><div class='flex_cell_inner' ><p><div style='padding-bottom:10px;' class='av-special-heading av-special-heading-h3   '><h3 class='av-special-heading-tag'  itemprop=\"headline\"  >Apartment BRAVO<\/h3><div class='special-heading-border'><div class='special-heading-inner-border' ><\/div><\/div><\/div><br \/>\n<section class=\"av_textblock_section\"  itemscope=\"itemscope\" itemtype=\"https:\/\/schema.org\/CreativeWork\" ><div class='avia_textblock '   itemprop=\"text\" ><p>&#8211; meerentfernung: 70 m<br \/>\n&#8211; parkplatz<br \/>\n&#8211; klimaanlage<br \/>\n&#8211; Wi-Fi<br \/>\n&#8211; au\u00dfengrill<br \/>\n&#8211; au\u00dfendusche<\/p>\n<\/div><\/section><\/p>\n<\/div><\/div>\n<\/div>Wer sind wir?&#8216; color=&#8220; style=&#8220; custom_font=&#8217;#ffffff&#8216; size=&#8220; subheading_active=&#8220; subheading_size=&#8217;15&#8216; custom_class=&#8220;][\/av_heading]<\/p>\n<section class=\"av_textblock_section\"  itemscope=\"itemscope\" itemtype=\"https:\/\/schema.org\/CreativeWork\" ><div class='avia_textblock '   itemprop=\"text\" ><p>Unsere Familie ist schon seit Jahren in der Tourismusbranche t\u00e4tig. In unseren Ferienwohnungen und Boot Charter BRAVO d.o.o. Raslina haben wir viele Familien und Einzelpersonen aus der ganzen Welt empfangen. Wir haben es uns zur Aufgabe gemacht, dass Sie sich angenehm und entspannt f\u00fchlen, und Ihre einzige Aufgabe ist es, unsere Gastfreundschaft zu genie\u00dfen!<\/p>\n<\/div><\/section>\n<p>[\/av_cell_one_third]<div class=\"flex_cell no_margin av_one_third   \" style='vertical-align:top; padding:30px; background-color:#f7f7f7; '><div class='flex_cell_inner' ><p><div style='padding-bottom:10px;' class='av-special-heading av-special-heading-h3    '><h3 class='av-special-heading-tag'  itemprop=\"headline\"  >Warum Bravo?<\/h3><div class='special-heading-border'><div class='special-heading-inner-border' ><\/div><\/div><\/div><br \/>\n<section class=\"av_textblock_section\"  itemscope=\"itemscope\" itemtype=\"https:\/\/schema.org\/CreativeWork\" ><div class='avia_textblock '   itemprop=\"text\" ><p>Die langj\u00e4hrige Erfahrung, gut ausgestattete Ferienwohnungen und Boote, die N\u00e4he historischer und touristischer Attraktionen sowie \u00e4u\u00dferst positive Erfahrungen unserer G\u00e4ste garantieren, dass Ferienwohnungen und Boote BRAVO Ihre beste Wahl f\u00fcr einen Urlaub in Mitteldalmatien ist.<\/p>\n<\/div><\/section><\/p>\n<\/div><\/div><div class=\"flex_cell no_margin av_one_third   \" style='vertical-align:top; padding:30px; background-color:#eaeaea; '><div class='flex_cell_inner' ><p><div style='padding-bottom:10px;' class='av-special-heading av-special-heading-h3    '><h3 class='av-special-heading-tag'  itemprop=\"headline\"  >Wo sind wir?<\/h3><div class='special-heading-border'><div class='special-heading-inner-border' ><\/div><\/div><\/div><br \/>\n<section class=\"av_textblock_section\"  itemscope=\"itemscope\" itemtype=\"https:\/\/schema.org\/CreativeWork\" ><div class='avia_textblock '   itemprop=\"text\" ><p>Wir befinden uns in Raslina, einem Dorf mit 600 Einwohnern. Ideal f\u00fcr einen ruhigen Urlaub, bietet Raslina eine gute Verkehrsanbindung an die umliegenden Sehensw\u00fcrdigkeiten in Sibenik und Vodice, sowie an den Nationalpark Krka und den Nationalpark Kornati.<\/p>\n<\/div><\/section><\/p>\n<\/div><\/div><br \/>\n[\/av_layout_row]<\/p>\n<\/div><\/div><\/div><!-- close content main div --><\/div><div class='av-extra-border-element border-extra-arrow-down'><div class='av-extra-border-outer'><div class='av-extra-border-inner'  style='background-color:#770000;' ><\/div><\/div><\/div><\/div><div id='av_section_10' class='avia-section main_color avia-section-default avia-no-border-styling avia-bg-style-scroll  container_wrap fullsize' style = 'background-color: #770000; background-color: #770000; '  ><div class='container' ><div class='template-page content  av-content-full alpha units'><div class='post-entry post-entry-type-page post-entry-21'><div class='entry-content-wrapper clearfix'>\n<div class=\"flex_column av_one_fourth  flex_column_div first  \" ><div  class=\"avia-animated-number av-force-default-color avia-color-font-light  avia_animate_when_visible\" ><strong class=\"heading avia-animated-number-title\" ><span class=\"avia-single-number\" data-number=\"2\">2<\/span><\/strong><div class='avia-animated-number-content' ><p>Apartments<\/p>\n<\/div><\/div><\/div><div class=\"flex_column av_one_fourth  flex_column_div av-zero-column-padding   \" style='border-radius:0px; '><div  class=\"avia-animated-number av-force-default-color avia-color-font-light  avia_animate_when_visible\" ><strong class=\"heading avia-animated-number-title\" ><span class=\"avia-single-number\" data-number=\"3\">3<\/span><\/strong><div class='avia-animated-number-content' ><p>Boots<\/p>\n<\/div><\/div><\/div><div class=\"flex_column av_one_fourth  flex_column_div av-zero-column-padding   \" style='border-radius:0px; '><div  class=\"avia-animated-number av-force-default-color avia-color-font-light  avia_animate_when_visible\" ><strong class=\"heading avia-animated-number-title\" ><span class=\"avia-single-number\" data-number=\"150\">150<\/span><span class=\"avia-no-number\">+<\/span><\/strong><div class='avia-animated-number-content' ><p>Sehensw\u00fcrdigkeiten in der N\u00e4he<\/p>\n<\/div><\/div><\/div><div class=\"flex_column av_one_fourth  flex_column_div av-zero-column-padding   \" style='border-radius:0px; '><div  class=\"avia-animated-number av-force-default-color avia-color-font-light  avia_animate_when_visible\" ><strong class=\"heading avia-animated-number-title\" ><span class=\"avia-single-number\" data-number=\"300\">300<\/span><span class=\"avia-no-number\">+<\/span><\/strong><div class='avia-animated-number-content' ><p>zufriedener G\u00e4ste<\/p>\n<\/div><\/div><\/div>\n\n<\/div><\/div><\/div><!-- close content main div --><\/div><div class='av-extra-border-element border-extra-arrow-down'><div class='av-extra-border-outer'><div class='av-extra-border-inner'  style='background-color:#770000;' ><\/div><\/div><\/div><\/div><div id='av-layout-grid-21' class='av-layout-grid-container entry-content-wrapper main_color av-flex-cells  container_wrap fullsize'   >\n<div class=\"flex_cell no_margin av_one_half   avia-full-stretch \" style='height:400px; min-height:400px;vertical-align:top; padding:30px; '><div class='flex_cell_inner' ><\/div><\/div><div class=\"flex_cell no_margin av_one_half   avia-full-stretch \" style='height:400px; min-height:400px;vertical-align:top; padding:30px; '><div class='flex_cell_inner' ><\/div><\/div>\n<\/div>\n<p><\/div><\/div><\/div><!-- close content main div --><\/div><div class='av-extra-border-element border-extra-arrow-down'><div class='av-extra-border-outer'><div class='av-extra-border-inner'  style='background-color:#770000;' ><\/div><\/div><\/div><\/div><div id='av-layout-grid-22' class='av-layout-grid-container entry-content-wrapper main_color av-flex-cells  container_wrap fullsize'   >\n<div class=\"flex_cell no_margin av_one_half   \" style='vertical-align:top; padding:40px; '><div class='flex_cell_inner' ><p><div style='padding-bottom:10px;' class='av-special-heading av-special-heading-h3   '><h3 class='av-special-heading-tag'  itemprop=\"headline\"  >Apartment Lavanda<\/h3><div class='special-heading-border'><div class='special-heading-inner-border' ><\/div><\/div><\/div><br \/>\n<section class=\"av_textblock_section\"  itemscope=\"itemscope\" itemtype=\"https:\/\/schema.org\/CreativeWork\" ><div class='avia_textblock '   itemprop=\"text\" ><p>&#8211; meerentfernung: 70 m<br \/>\n&#8211; parkplatz<br \/>\n&#8211; klimaanlage<br \/>\n&#8211; Wi-Fi<br \/>\n&#8211; au\u00dfengrill<\/p>\n<\/div><\/section><\/p>\n<\/div><\/div><div class=\"flex_cell no_margin av_one_half   \" style='vertical-align:top; padding:40px; background-color:#f7f7f7; '><div class='flex_cell_inner' ><p><div style='padding-bottom:10px;' class='av-special-heading av-special-heading-h3   '><h3 class='av-special-heading-tag'  itemprop=\"headline\"  >Apartment BRAVO<\/h3><div class='special-heading-border'><div class='special-heading-inner-border' ><\/div><\/div><\/div><br \/>\n<section class=\"av_textblock_section\"  itemscope=\"itemscope\" itemtype=\"https:\/\/schema.org\/CreativeWork\" ><div class='avia_textblock '   itemprop=\"text\" ><p>&#8211; meerentfernung: 70 m<br \/>\n&#8211; parkplatz<br \/>\n&#8211; klimaanlage<br \/>\n&#8211; Wi-Fi<br \/>\n&#8211; au\u00dfengrill<br \/>\n&#8211; au\u00dfendusche<\/p>\n<\/div><\/section><\/p>\n<\/div><\/div>\n<\/div>Wer sind wir?&#8216; color=&#8220; style=&#8220; custom_font=&#8217;#ffffff&#8216; size=&#8220; subheading_active=&#8220; subheading_size=&#8217;15&#8216; custom_class=&#8220;][\/av_heading]<\/p>\n<section class=\"av_textblock_section\"  itemscope=\"itemscope\" itemtype=\"https:\/\/schema.org\/CreativeWork\" ><div class='avia_textblock '   itemprop=\"text\" ><p>Unsere Familie ist schon seit Jahren in der Tourismusbranche t\u00e4tig. In unserer Villa Jadranka haben wir viele Familien und Einzelpersonen aus der ganzen Welt empfangen. Wir haben es uns zur Aufgabe gemacht, dass Sie sich angenehm und entspannt f\u00fchlen, und Ihre einzige Aufgabe ist es, unsere Gastfreundschaft zu genie\u00dfen!<\/p>\n<\/div><\/section>\n<p>[\/av_cell_one_third]<div class=\"flex_cell no_margin av_one_third   \" style='vertical-align:top; padding:30px; background-color:#f7f7f7; '><div class='flex_cell_inner' ><p><div style='padding-bottom:10px;' class='av-special-heading av-special-heading-h3   '><h3 class='av-special-heading-tag'  itemprop=\"headline\"  >Warum Bravo?<\/h3><div class='special-heading-border'><div class='special-heading-inner-border' ><\/div><\/div><\/div><br \/>\n<section class=\"av_textblock_section\"  itemscope=\"itemscope\" itemtype=\"https:\/\/schema.org\/CreativeWork\" ><div class='avia_textblock '   itemprop=\"text\" ><p>Die langj\u00e4hrige Erfahrung, gut ausgestattete Apartments, die N\u00e4he historischer und touristischer Attraktionen sowie \u00e4u\u00dferst positive Erfahrungen unserer G\u00e4ste garantieren, dass Villa Jadranka Ihre beste Wahl f\u00fcr einen Urlaub in Mitteldalmatien ist.<\/p>\n<\/div><\/section><\/p>\n<\/div><\/div><div class=\"flex_cell no_margin av_one_third   \" style='vertical-align:top; padding:30px; background-color:#eaeaea; '><div class='flex_cell_inner' ><p><div style='padding-bottom:10px;' class='av-special-heading av-special-heading-h3    '><h3 class='av-special-heading-tag'  itemprop=\"headline\"  >Wo sind wir?<\/h3><div class='special-heading-border'><div class='special-heading-inner-border' ><\/div><\/div><\/div><br \/>\n<section class=\"av_textblock_section\"  itemscope=\"itemscope\" itemtype=\"https:\/\/schema.org\/CreativeWork\" ><div class='avia_textblock '   itemprop=\"text\" ><p>Villa Jadranka befindet sich in Ra\u017eanj (Bucht Ljoljinica), einem Dorf mit 180 Einwohnern. Ideal f\u00fcr einen ruhigen Urlaub, bietet Ra\u017eanj eine gute Verkehrsanbindung an die umliegenden Sehensw\u00fcrdigkeiten in Rogoznica (11 km), Primosten (18 km), Trogir (26 km), Sibenik (44 km) und Split (55 km), sowie an den Nationalpark Krka (63 km) und den Nationalpark Kornati.<\/p>\n<\/div><\/section><\/p>\n<\/div><\/div><br \/>\n[\/av_layout_row]<\/p>\n<\/div><\/div><\/div><!-- close content main div --><\/div><div class='av-extra-border-element border-extra-arrow-down'><div class='av-extra-border-outer'><div class='av-extra-border-inner'  style='background-color:#770000;' ><\/div><\/div><\/div><\/div><div id='av_section_11' class='avia-section main_color avia-section-default avia-no-border-styling avia-bg-style-scroll  container_wrap fullsize' style = 'background-color: #770000; background-color: #770000; '  ><div class='container' ><div class='template-page content  av-content-full alpha units'><div class='post-entry post-entry-type-page post-entry-21'><div class='entry-content-wrapper clearfix'>\n<div class=\"flex_column av_one_fourth  flex_column_div first  \" ><div  class=\"avia-animated-number av-force-default-color avia-color-font-light  avia_animate_when_visible\" ><strong class=\"heading avia-animated-number-title\" ><span class=\"avia-single-number\" data-number=\"2\">2<\/span><\/strong><div class='avia-animated-number-content' ><p>Apartments<\/p>\n<\/div><\/div><\/div><div class=\"flex_column av_one_fourth  flex_column_div av-zero-column-padding   \" style='border-radius:0px; '><div  class=\"avia-animated-number av-force-default-color avia-color-font-light  avia_animate_when_visible\" ><strong class=\"heading avia-animated-number-title\" ><span class=\"avia-single-number\" data-number=\"3\">3<\/span><\/strong><div class='avia-animated-number-content' ><p>Boots<\/p>\n<\/div><\/div><\/div><div class=\"flex_column av_one_fourth  flex_column_div av-zero-column-padding   \" style='border-radius:0px; '><div  class=\"avia-animated-number av-force-default-color avia-color-font-light  avia_animate_when_visible\" ><strong class=\"heading avia-animated-number-title\" ><span class=\"avia-single-number\" data-number=\"150\">150<\/span><span class=\"avia-no-number\">+<\/span><\/strong><div class='avia-animated-number-content' ><p>Sehensw\u00fcrdigkeiten in der N\u00e4he<\/p>\n<\/div><\/div><\/div><div class=\"flex_column av_one_fourth  flex_column_div av-zero-column-padding   \" style='border-radius:0px; '><div  class=\"avia-animated-number av-force-default-color avia-color-font-light  avia_animate_when_visible\" ><strong class=\"heading avia-animated-number-title\" ><span class=\"avia-single-number\" data-number=\"300\">300<\/span><span class=\"avia-no-number\">+<\/span><\/strong><div class='avia-animated-number-content' ><p>zufriedener G\u00e4ste<\/p>\n<\/div><\/div><\/div>\n\n<\/div><\/div><\/div><!-- close content main div --><\/div><div class='av-extra-border-element border-extra-arrow-down'><div class='av-extra-border-outer'><div class='av-extra-border-inner'  style='background-color:#770000;' ><\/div><\/div><\/div><\/div><div id='av-layout-grid-23' class='av-layout-grid-container entry-content-wrapper main_color av-flex-cells  container_wrap fullsize'   >\n<div class=\"flex_cell no_margin av_one_half   avia-full-stretch \" style='height:400px; min-height:400px;vertical-align:top; padding:30px; '><div class='flex_cell_inner' ><\/div><\/div><div class=\"flex_cell no_margin av_one_half   avia-full-stretch \" style='height:400px; min-height:400px;vertical-align:top; padding:30px; '><div class='flex_cell_inner' ><\/div><\/div>\n<\/div>\n<p><\/div><\/div><\/div><!-- close content main div --><\/div><div class='av-extra-border-element border-extra-arrow-down'><div class='av-extra-border-outer'><div class='av-extra-border-inner'  style='background-color:#770000;' ><\/div><\/div><\/div><\/div><div id='av-layout-grid-24' class='av-layout-grid-container entry-content-wrapper main_color av-flex-cells  container_wrap fullsize'   >\n<div class=\"flex_cell no_margin av_one_half   \" style='vertical-align:top; padding:40px; '><div class='flex_cell_inner' ><p><div style='padding-bottom:10px;' class='av-special-heading av-special-heading-h3   '><h3 class='av-special-heading-tag'  itemprop=\"headline\"  >Apartment A1<\/h3><div class='special-heading-border'><div class='special-heading-inner-border' ><\/div><\/div><\/div><br \/>\n<section class=\"av_textblock_section\"  itemscope=\"itemscope\" itemtype=\"https:\/\/schema.org\/CreativeWork\" ><div class='avia_textblock '   itemprop=\"text\" ><p>&#8211; meerentfernung: 70 m<br \/>\n&#8211; parkplatz<br \/>\n&#8211; klimaanlage<br \/>\n&#8211; Wi-Fi<br \/>\n&#8211; au\u00dfengrill<br \/>\n&#8211; au\u00dfendusche<br \/>\n&#8211; es besteht die M\u00f6glichkeit, das ganze Haus zu mieten<\/p>\n<p>Address: Ljoljinica 44, 22203 Ra\u017eanj &#8211; Rogoznica; Croatia<\/p>\n<p>Kontakt: mob: +385 91 497 1962 ; e-mail: <a href=\"mailto:mala.villa.jadranka@gmail.com\">mala.villa.jadranka@gmail.com<\/a><\/p>\n<\/div><\/section><\/p>\n<\/div><\/div><div class=\"flex_cell no_margin av_one_half   \" style='vertical-align:top; padding:40px; background-color:#f7f7f7; '><div class='flex_cell_inner' ><p><div style='padding-bottom:10px;' class='av-special-heading av-special-heading-h3   '><h3 class='av-special-heading-tag'  itemprop=\"headline\"  >Apartment A2<\/h3><div class='special-heading-border'><div class='special-heading-inner-border' ><\/div><\/div><\/div><br \/>\n<section class=\"av_textblock_section\"  itemscope=\"itemscope\" itemtype=\"https:\/\/schema.org\/CreativeWork\" ><div class='avia_textblock '   itemprop=\"text\" ><p>&#8211; meerentfernung: 70 m<br \/>\n&#8211; parkplatz<br \/>\n&#8211; klimaanlage<br \/>\n&#8211; Wi-Fi<br \/>\n&#8211; au\u00dfengrill<br \/>\n&#8211; au\u00dfendusche<br \/>\n&#8211; es besteht die M\u00f6glichkeit, das ganze Haus zu mieten<\/p>\n<p>Address: Ljoljinica 44, 22203 Ra\u017eanj &#8211; Rogoznica; Croatia<\/p>\n<p>Kontakt: mob: +385 91 497 1962 ; e-mail: <a href=\"mailto:mala.villa.jadranka@gmail.com\">mala.villa.jadranka@gmail.com<\/a><\/p>\n<\/div><\/section><\/p>\n<\/div><\/div>\n<\/div>Wer sind wir?&#8216; color=&#8220; style=&#8220; custom_font=&#8217;#ffffff&#8216; size=&#8220; subheading_active=&#8220; subheading_size=&#8217;15&#8216; custom_class=&#8220;][\/av_heading]<\/p>\n<section class=\"av_textblock_section\"  itemscope=\"itemscope\" itemtype=\"https:\/\/schema.org\/CreativeWork\" ><div class='avia_textblock '   itemprop=\"text\" ><p>Unsere Familie ist schon seit Jahren in der Tourismusbranche t\u00e4tig. In unserer Villa Jadranka haben wir viele Familien und Einzelpersonen aus der ganzen Welt empfangen. Wir haben es uns zur Aufgabe gemacht, dass Sie sich angenehm und entspannt f\u00fchlen, und Ihre einzige Aufgabe ist es, unsere Gastfreundschaft zu genie\u00dfen!<\/p>\n<\/div><\/section>\n<p>[\/av_cell_one_third]<div class=\"flex_cell no_margin av_one_third   \" style='vertical-align:top; padding:30px; background-color:#f7f7f7; '><div class='flex_cell_inner' ><p><div style='padding-bottom:10px;' class='av-special-heading av-special-heading-h3   '><h3 class='av-special-heading-tag'  itemprop=\"headline\"  >Warum Bravo?<\/h3><div class='special-heading-border'><div class='special-heading-inner-border' ><\/div><\/div><\/div><br \/>\n<section class=\"av_textblock_section\"  itemscope=\"itemscope\" itemtype=\"https:\/\/schema.org\/CreativeWork\" ><div class='avia_textblock '   itemprop=\"text\" ><p>Die langj\u00e4hrige Erfahrung, gut ausgestattete Apartments, die N\u00e4he historischer und touristischer Attraktionen sowie \u00e4u\u00dferst positive Erfahrungen unserer G\u00e4ste garantieren, dass Villa Jadranka Ihre beste Wahl f\u00fcr einen Urlaub in Mitteldalmatien ist.<\/p>\n<\/div><\/section><\/p>\n<\/div><\/div><div class=\"flex_cell no_margin av_one_third   \" style='vertical-align:top; padding:30px; background-color:#eaeaea; '><div class='flex_cell_inner' ><p><div style='padding-bottom:10px;' class='av-special-heading av-special-heading-h3    '><h3 class='av-special-heading-tag'  itemprop=\"headline\"  >Wo sind wir?<\/h3><div class='special-heading-border'><div class='special-heading-inner-border' ><\/div><\/div><\/div><br \/>\n<section class=\"av_textblock_section\"  itemscope=\"itemscope\" itemtype=\"https:\/\/schema.org\/CreativeWork\" ><div class='avia_textblock '   itemprop=\"text\" ><p>Villa Jadranka befindet sich in Ra\u017eanj (Bucht Ljoljinica), einem Dorf mit 180 Einwohnern. Ideal f\u00fcr einen ruhigen Urlaub, bietet Ra\u017eanj eine gute Verkehrsanbindung an die umliegenden Sehensw\u00fcrdigkeiten in Rogoznica (11 km), Primosten (18 km), Trogir (26 km), Sibenik (44 km) und Split (55 km), sowie an den Nationalpark Krka (63 km) und den Nationalpark Kornati.<\/p>\n<\/div><\/section><\/p>\n<\/div><\/div>[\/av_layout_row]<\/div><\/div><\/div><!-- close content main div --><\/div><div class='av-extra-border-element border-extra-arrow-down'><div class='av-extra-border-outer'><div class='av-extra-border-inner'  style='background-color:#770000;' ><\/div><\/div><\/div><\/div><div id='av_section_12' class='avia-section main_color avia-section-default avia-no-border-styling avia-bg-style-scroll  container_wrap fullsize' style = 'background-color: #770000; background-color: #770000; '  ><div class='container' ><div class='template-page content  av-content-full alpha units'><div class='post-entry post-entry-type-page post-entry-21'><div class='entry-content-wrapper clearfix'>\n<div class=\"flex_column av_one_fourth  flex_column_div first  \" ><div  class=\"avia-animated-number av-force-default-color avia-color-font-light  avia_animate_when_visible\" ><strong class=\"heading avia-animated-number-title\" ><span class=\"avia-single-number\" data-number=\"2\">2<\/span><\/strong><div class='avia-animated-number-content' ><p>Apartments<\/p>\n<\/div><\/div><\/div><div class=\"flex_column av_one_fourth  flex_column_div av-zero-column-padding   \" style='border-radius:0px; '><div  class=\"avia-animated-number av-force-default-color avia-color-font-light  avia_animate_when_visible\" ><strong class=\"heading avia-animated-number-title\" ><span class=\"avia-single-number\" data-number=\"3\">3<\/span><\/strong><div class='avia-animated-number-content' ><p>Boots<\/p>\n<\/div><\/div><\/div><div class=\"flex_column av_one_fourth  flex_column_div av-zero-column-padding   \" style='border-radius:0px; '><div  class=\"avia-animated-number av-force-default-color avia-color-font-light  avia_animate_when_visible\" ><strong class=\"heading avia-animated-number-title\" ><span class=\"avia-single-number\" data-number=\"150\">150<\/span><span class=\"avia-no-number\">+<\/span><\/strong><div class='avia-animated-number-content' ><p>Sehensw\u00fcrdigkeiten in der N\u00e4he<\/p>\n<\/div><\/div><\/div><div class=\"flex_column av_one_fourth  flex_column_div av-zero-column-padding   \" style='border-radius:0px; '><div  class=\"avia-animated-number av-force-default-color avia-color-font-light  avia_animate_when_visible\" ><strong class=\"heading avia-animated-number-title\" ><span class=\"avia-single-number\" data-number=\"300\">300<\/span><span class=\"avia-no-number\">+<\/span><\/strong><div class='avia-animated-number-content' ><p>zufriedener G\u00e4ste<\/p>\n<\/div><\/div><\/div>\n<\/p>\n<\/div><\/div><\/div><!-- close content main div --><\/div><div class='av-extra-border-element border-extra-arrow-down'><div class='av-extra-border-outer'><div class='av-extra-border-inner'  style='background-color:#770000;' ><\/div><\/div><\/div><\/div><div id='av-layout-grid-25' class='av-layout-grid-container entry-content-wrapper main_color av-flex-cells  container_wrap fullsize'   >\n<div class=\"flex_cell no_margin av_one_half   avia-full-stretch \" style='height:400px; min-height:400px;vertical-align:top; padding:30px; '><div class='flex_cell_inner' ><\/div><\/div><div class=\"flex_cell no_margin av_one_half   avia-full-stretch \" style='height:400px; min-height:400px;vertical-align:top; padding:30px; '><div class='flex_cell_inner' ><\/div><\/div>\n<\/div>\n<p><\/div><\/div><\/div><!-- close content main div --><\/div><div class='av-extra-border-element border-extra-arrow-down'><div class='av-extra-border-outer'><div class='av-extra-border-inner'  style='background-color:#770000;' ><\/div><\/div><\/div><\/div><div id='av-layout-grid-26' class='av-layout-grid-container entry-content-wrapper main_color av-flex-cells  container_wrap fullsize'   >\n<div class=\"flex_cell no_margin av_one_half   \" style='vertical-align:top; padding:40px; '><div class='flex_cell_inner' ><p><div style='padding-bottom:10px;' class='av-special-heading av-special-heading-h3   '><h3 class='av-special-heading-tag'  itemprop=\"headline\"  >Apartment A1<\/h3><div class='special-heading-border'><div class='special-heading-inner-border' ><\/div><\/div><\/div><br \/>\n<section class=\"av_textblock_section\"  itemscope=\"itemscope\" itemtype=\"https:\/\/schema.org\/CreativeWork\" ><div class='avia_textblock '   itemprop=\"text\" ><p>&#8211; meerentfernung: 70 m<br \/>\n&#8211; parkplatz<br \/>\n&#8211; klimaanlage<br \/>\n&#8211; Wi-Fi<br \/>\n&#8211; au\u00dfengrill<br \/>\n&#8211; au\u00dfendusche<br \/>\n&#8211; es besteht die M\u00f6glichkeit, das ganze Haus zu mieten<\/p>\n<p>Address: Ljoljinica 44, 22203 Ra\u017eanj &#8211; Rogoznica; Croatia<\/p>\n<p>Kontakt: mob: +385 91 497 1962 ; e-mail: <a href=\"mailto:mala.villa.jadranka@gmail.com\">mala.villa.jadranka@gmail.com<\/a><\/p>\n<\/div><\/section><\/p>\n<\/div><\/div><div class=\"flex_cell no_margin av_one_half   \" style='vertical-align:top; padding:40px; background-color:#f7f7f7; '><div class='flex_cell_inner' ><p><div style='padding-bottom:10px;' class='av-special-heading av-special-heading-h3   '><h3 class='av-special-heading-tag'  itemprop=\"headline\"  >Apartment A2<\/h3><div class='special-heading-border'><div class='special-heading-inner-border' ><\/div><\/div><\/div><br \/>\n<section class=\"av_textblock_section\"  itemscope=\"itemscope\" itemtype=\"https:\/\/schema.org\/CreativeWork\" ><div class='avia_textblock '   itemprop=\"text\" ><p>&#8211; meerentfernung: 70 m<br \/>\n&#8211; parkplatz<br \/>\n&#8211; klimaanlage<br \/>\n&#8211; Wi-Fi<br \/>\n&#8211; au\u00dfengrill<br \/>\n&#8211; au\u00dfendusche<br \/>\n&#8211; es besteht die M\u00f6glichkeit, das ganze Haus zu mieten<\/p>\n<p>Address: Ljoljinica 44, 22203 Ra\u017eanj &#8211; Rogoznica; Croatia<\/p>\n<p>Kontakt: mob: +385 91 497 1962 ; e-mail: <a href=\"mailto:mala.villa.jadranka@gmail.com\">mala.villa.jadranka@gmail.com<\/a><\/p>\n<\/div><\/section><\/p>\n<\/div><\/div>\n<\/div><\/div><\/div><\/div><!-- close content main div --><\/div><div class='av-extra-border-element border-extra-arrow-down'><div class='av-extra-border-outer'><div class='av-extra-border-inner'  style='background-color:#770000;' ><\/div><\/div><\/div><\/div><div id='full_slider_3' class='avia-fullwidth-slider main_color avia-shadow  container_wrap fullsize'   ><div  data-size='featured_large'  data-lightbox_size='large'  data-animation='fade'  data-ids='456,461,477,478,482,479,480,481'  data-video_counter='0'  data-autoplay='false'  data-bg_slider='false'  data-slide_height=''  data-handle='av_slideshow_full'  data-interval='5'  data-class=' '  data-css_id=''  data-scroll_down=''  data-control_layout='av-control-minimal'  data-custom_markup=''  data-perma_caption=''  data-autoplay_stopper=''  data-src=''  data-position='top left'  data-repeat='no-repeat'  data-attach='scroll'  data-stretch=''  data-default-height='42'  class='avia-slideshow avia-slideshow-3  av-control-minimal av-default-height-applied avia-slideshow-featured_large av_slideshow_full   avia-fade-slider '  itemscope=\"itemscope\" itemtype=\"https:\/\/schema.org\/ImageObject\" ><ul class='avia-slideshow-inner' style='padding-bottom: 42%;'><\/ul><\/div><\/div><\/p>\n<\/div><\/div><\/div><!-- close content main div --><\/div><div class='av-extra-border-element border-extra-arrow-down'><div class='av-extra-border-outer'><div class='av-extra-border-inner'  style='background-color:#770000;' ><\/div><\/div><\/div><\/div><div id='av-layout-grid-27' class='av-layout-grid-container entry-content-wrapper main_color av-flex-cells  container_wrap fullsize'   >\n<div class=\"flex_cell no_margin av_one_third   \" style='vertical-align:top; padding:30px; '><div class='flex_cell_inner' ><p><div style='padding-bottom:10px;' class='av-special-heading av-special-heading-h3   '><h3 class='av-special-heading-tag'  itemprop=\"headline\"  >Wer sind wir?<\/h3><div class='special-heading-border'><div class='special-heading-inner-border' ><\/div><\/div><\/div><br \/>\n<section class=\"av_textblock_section\"  itemscope=\"itemscope\" itemtype=\"https:\/\/schema.org\/CreativeWork\" ><div class='avia_textblock '   itemprop=\"text\" ><p>Unsere Familie ist schon seit Jahren in der Tourismusbranche t\u00e4tig. In unserer Villa Jadranka haben wir viele Familien und Einzelpersonen aus der ganzen Welt empfangen. Wir haben es uns zur Aufgabe gemacht, dass Sie sich angenehm und entspannt f\u00fchlen, und Ihre einzige Aufgabe ist es, unsere Gastfreundschaft zu genie\u00dfen!<\/p>\n<\/div><\/section><\/p>\n<\/div><\/div><div class=\"flex_cell no_margin av_one_third   \" style='vertical-align:top; padding:30px; background-color:#f7f7f7; '><div class='flex_cell_inner' ><p><div style='padding-bottom:10px;' class='av-special-heading av-special-heading-h3   '><h3 class='av-special-heading-tag'  itemprop=\"headline\"  >Warum Villa Jadranka?<\/h3><div class='special-heading-border'><div class='special-heading-inner-border' ><\/div><\/div><\/div><br \/>\n<section class=\"av_textblock_section\"  itemscope=\"itemscope\" itemtype=\"https:\/\/schema.org\/CreativeWork\" ><div class='avia_textblock '   itemprop=\"text\" ><p>Die langj\u00e4hrige Erfahrung, gut ausgestattete Apartments, die N\u00e4he historischer und touristischer Attraktionen sowie \u00e4u\u00dferst positive Erfahrungen unserer G\u00e4ste garantieren, dass Villa Jadranka Ihre beste Wahl f\u00fcr einen Urlaub in Mitteldalmatien ist.<\/p>\n<\/div><\/section><\/p>\n<\/div><\/div><div class=\"flex_cell no_margin av_one_third   \" style='vertical-align:top; padding:30px; background-color:#eaeaea; '><div class='flex_cell_inner' ><p><div style='padding-bottom:10px;' class='av-special-heading av-special-heading-h3   '><h3 class='av-special-heading-tag'  itemprop=\"headline\"  >Wo sind wir?<\/h3><div class='special-heading-border'><div class='special-heading-inner-border' ><\/div><\/div><\/div><br \/>\n<section class=\"av_textblock_section\"  itemscope=\"itemscope\" itemtype=\"https:\/\/schema.org\/CreativeWork\" ><div class='avia_textblock '   itemprop=\"text\" ><p>Villa Jadranka befindet sich in Ra\u017eanj (Bucht Ljoljinica), einem Dorf mit 180 Einwohnern. Ideal f\u00fcr einen ruhigen Urlaub, bietet Ra\u017eanj eine gute Verkehrsanbindung an die umliegenden Sehensw\u00fcrdigkeiten in Rogoznica (11 km), Primosten (18 km), Trogir (26 km), Sibenik (44 km) und Split (55 km), sowie an den Nationalpark Krka (63 km) und den Nationalpark Kornati.<\/p>\n<\/div><\/section><\/p>\n<\/div><\/div>\n<\/div>\n<\/div><\/div><\/div><!-- close content main div --><\/div><div class='av-extra-border-element border-extra-arrow-down'><div class='av-extra-border-outer'><div class='av-extra-border-inner'  style='background-color:#770000;' ><\/div><\/div><\/div><\/div><div id='av_section_13' class='avia-section main_color avia-section-default avia-no-border-styling avia-bg-style-scroll  container_wrap fullsize' style = 'background-color: #770000; background-color: #770000; '  ><div class='container' ><div class='template-page content  av-content-full alpha units'><div class='post-entry post-entry-type-page post-entry-21'><div class='entry-content-wrapper clearfix'>\n<div class=\"flex_column av_one_fourth  flex_column_div first  \" ><div  class=\"avia-animated-number av-force-default-color avia-color-font-light  avia_animate_when_visible\" ><strong class=\"heading avia-animated-number-title\" ><span class=\"avia-single-number\" data-number=\"2\">2<\/span><\/strong><div class='avia-animated-number-content' ><p>Apartments<\/p>\n<\/div><\/div><\/div><div class=\"flex_column av_one_fourth  flex_column_div av-zero-column-padding   \" style='border-radius:0px; '><div  class=\"avia-animated-number av-force-default-color avia-color-font-light  avia_animate_when_visible\" ><strong class=\"heading avia-animated-number-title\" ><span class=\"avia-single-number\" data-number=\"3\">3<\/span><\/strong><div class='avia-animated-number-content' ><p>Boots<\/p>\n<\/div><\/div><\/div><div class=\"flex_column av_one_fourth  flex_column_div av-zero-column-padding   \" style='border-radius:0px; '><div  class=\"avia-animated-number av-force-default-color avia-color-font-light  avia_animate_when_visible\" ><strong class=\"heading avia-animated-number-title\" ><span class=\"avia-single-number\" data-number=\"150\">150<\/span><span class=\"avia-no-number\">+<\/span><\/strong><div class='avia-animated-number-content' ><p>Sehensw\u00fcrdigkeiten in der N\u00e4he<\/p>\n<\/div><\/div><\/div><div class=\"flex_column av_one_fourth  flex_column_div av-zero-column-padding   \" style='border-radius:0px; '><div  class=\"avia-animated-number av-force-default-color avia-color-font-light  avia_animate_when_visible\" ><strong class=\"heading avia-animated-number-title\" ><span class=\"avia-single-number\" data-number=\"300\">300<\/span><span class=\"avia-no-number\">+<\/span><\/strong><div class='avia-animated-number-content' ><p>zufriedener G\u00e4ste<\/p>\n<\/div><\/div><\/div><\/div><\/div><\/div><!-- close content main div --><\/div><div class='av-extra-border-element border-extra-arrow-down'><div class='av-extra-border-outer'><div class='av-extra-border-inner'  style='background-color:#770000;' ><\/div><\/div><\/div><\/div><div id='av-layout-grid-28' class='av-layout-grid-container entry-content-wrapper main_color av-flex-cells  container_wrap fullsize'   >\n<div class=\"flex_cell no_margin av_one_half   avia-full-stretch \" style='height:400px; min-height:400px;vertical-align:top; padding:30px; '><div class='flex_cell_inner' ><\/div><\/div><div class=\"flex_cell no_margin av_one_half   avia-full-stretch \" style='height:400px; min-height:400px;vertical-align:top; padding:30px; '><div class='flex_cell_inner' ><\/div><\/div>\n<\/div><\/p>\n<p><\/div><\/div><\/div><!-- close content main div --><\/div><div class='av-extra-border-element border-extra-arrow-down'><div class='av-extra-border-outer'><div class='av-extra-border-inner'  style='background-color:#770000;' ><\/div><\/div><\/div><\/div><div id='av-layout-grid-29' class='av-layout-grid-container entry-content-wrapper main_color av-flex-cells  container_wrap fullsize'   >\n<div class=\"flex_cell no_margin av_one_half   \" style='vertical-align:top; padding:40px; '><div class='flex_cell_inner' ><p><div style='padding-bottom:10px;' class='av-special-heading av-special-heading-h3   '><h3 class='av-special-heading-tag'  itemprop=\"headline\"  >Apartment A1<\/h3><div class='special-heading-border'><div class='special-heading-inner-border' ><\/div><\/div><\/div><br \/>\n<section class=\"av_textblock_section\"  itemscope=\"itemscope\" itemtype=\"https:\/\/schema.org\/CreativeWork\" ><div class='avia_textblock '   itemprop=\"text\" ><p>&#8211; meerentfernung: 70 m<br \/>\n&#8211; parkplatz<br \/>\n&#8211; klimaanlage<br \/>\n&#8211; Wi-Fi<br \/>\n&#8211; au\u00dfengrill<br \/>\n&#8211; au\u00dfendusche<br \/>\n&#8211; es besteht die M\u00f6glichkeit, das ganze Haus zu mieten<\/p>\n<p>Address: Ljoljinica 44, 22203 Ra\u017eanj &#8211; Rogoznica; Croatia<\/p>\n<p>Kontakt: mob: +385 91 497 1962 ; e-mail: <a href=\"mailto:mala.villa.jadranka@gmail.com\">mala.villa.jadranka@gmail.com<\/a><\/p>\n<\/div><\/section><\/p>\n<\/div><\/div><div class=\"flex_cell no_margin av_one_half   \" style='vertical-align:top; padding:40px; background-color:#f7f7f7; '><div class='flex_cell_inner' ><p><div style='padding-bottom:10px;' class='av-special-heading av-special-heading-h3   '><h3 class='av-special-heading-tag'  itemprop=\"headline\"  >Apartment A2<\/h3><div class='special-heading-border'><div class='special-heading-inner-border' ><\/div><\/div><\/div><br \/>\n<section class=\"av_textblock_section\"  itemscope=\"itemscope\" itemtype=\"https:\/\/schema.org\/CreativeWork\" ><div class='avia_textblock '   itemprop=\"text\" ><p>&#8211; meerentfernung: 70 m<br \/>\n&#8211; parkplatz<br \/>\n&#8211; klimaanlage<br \/>\n&#8211; Wi-Fi<br \/>\n&#8211; au\u00dfengrill<br \/>\n&#8211; au\u00dfendusche<br \/>\n&#8211; es besteht die M\u00f6glichkeit, das ganze Haus zu mieten<\/p>\n<p>Address: Ljoljinica 44, 22203 Ra\u017eanj &#8211; Rogoznica; Croatia<\/p>\n<p>Kontakt: mob: +385 91 497 1962 ; e-mail: <a href=\"mailto:mala.villa.jadranka@gmail.com\">mala.villa.jadranka@gmail.com<\/a><\/p>\n<\/div><\/section><\/p>\n<\/div><\/div>\n<\/div><\/p>","protected":false},"excerpt":{"rendered":"<p>Wer sind wir?&#8216; color=&#8220; style=&#8220; custom_font=&#8217;#ffffff&#8216; size=&#8220; subheading_active=&#8220; subheading_size=&#8217;15&#8216; custom_class=&#8220;][\/av_heading] [\/av_cell_one_third] [\/av_layout_row] Wer sind wir?&#8216; color=&#8220; style=&#8220; custom_font=&#8217;#ffffff&#8216; size=&#8220; subheading_active=&#8220; subheading_size=&#8217;15&#8216; custom_class=&#8220;][\/av_heading] [\/av_cell_one_third] [\/av_layout_row] Wer sind wir?&#8216; color=&#8220; style=&#8220; custom_font=&#8217;#ffffff&#8216; size=&#8220; subheading_active=&#8220; subheading_size=&#8217;15&#8216; custom_class=&#8220;][\/av_heading] [\/av_cell_one_third] [\/av_layout_row] Wer sind wir?&#8216; color=&#8220; style=&#8220; custom_font=&#8217;#ffffff&#8216; size=&#8220; subheading_active=&#8220; subheading_size=&#8217;15&#8216; custom_class=&#8220;][\/av_heading] [\/av_cell_one_third][\/av_layout_row]<\/p>\n","protected":false},"author":1,"featured_media":0,"parent":0,"menu_order":0,"comment_status":"open","ping_status":"open","template":"","meta":{"footnotes":""},"class_list":["post-21","page","type-page","status-publish","hentry"],"_links":{"self":[{"href":"https:\/\/sibenik-boats.com\/de\/wp-json\/wp\/v2\/pages\/21","targetHints":{"allow":["GET"]}}],"collection":[{"href":"https:\/\/sibenik-boats.com\/de\/wp-json\/wp\/v2\/pages"}],"about":[{"href":"https:\/\/sibenik-boats.com\/de\/wp-json\/wp\/v2\/types\/page"}],"author":[{"embeddable":true,"href":"https:\/\/sibenik-boats.com\/de\/wp-json\/wp\/v2\/users\/1"}],"replies":[{"embeddable":true,"href":"https:\/\/sibenik-boats.com\/de\/wp-json\/wp\/v2\/comments?post=21"}],"version-history":[{"count":22,"href":"https:\/\/sibenik-boats.com\/de\/wp-json\/wp\/v2\/pages\/21\/revisions"}],"predecessor-version":[{"id":732,"href":"https:\/\/sibenik-boats.com\/de\/wp-json\/wp\/v2\/pages\/21\/revisions\/732"}],"wp:attachment":[{"href":"https:\/\/sibenik-boats.com\/de\/wp-json\/wp\/v2\/media?parent=21"}],"curies":[{"name":"wp","href":"https:\/\/api.w.org\/{rel}","templated":true}]}}